
{"id":2887,"date":"2024-04-18T11:45:23","date_gmt":"2024-04-18T11:45:23","guid":{"rendered":"https:\/\/drcinqatar.org\/news\/"},"modified":"2026-04-07T12:45:13","modified_gmt":"2026-04-07T12:45:13","slug":"dernieres-actualites","status":"publish","type":"page","link":"https:\/\/drcinqatar.org\/fr\/dernieres-actualites\/","title":{"rendered":"Derni\u00e8res actualit\u00e9s"},"content":{"rendered":"\t\t<div data-elementor-type=\"wp-page\" data-elementor-id=\"2887\" class=\"elementor elementor-2887 elementor-2533\" data-elementor-post-type=\"page\">\n\t\t\t\t\t\t<section class=\"elementor-section elementor-top-section elementor-element elementor-element-aa7c324 elementor-section-boxed elementor-section-height-default elementor-section-height-default\" data-id=\"aa7c324\" data-element_type=\"section\" data-e-type=\"section\" data-settings=\"{&quot;background_background&quot;:&quot;classic&quot;}\">\n\t\t\t\t\t\t<div class=\"elementor-container elementor-column-gap-default\">\n\t\t\t\t\t<div class=\"elementor-column elementor-col-100 elementor-top-column elementor-element elementor-element-e2e5169\" data-id=\"e2e5169\" data-element_type=\"column\" data-e-type=\"column\">\n\t\t\t<div class=\"elementor-widget-wrap elementor-element-populated\">\n\t\t\t\t\t\t\t<\/div>\n\t\t<\/div>\n\t\t\t\t\t<\/div>\n\t\t<\/section>\n\t\t\t\t<section class=\"elementor-section elementor-top-section elementor-element elementor-element-7815cf9 elementor-section-boxed elementor-section-height-default elementor-section-height-default\" data-id=\"7815cf9\" data-element_type=\"section\" data-e-type=\"section\">\n\t\t\t\t\t\t<div class=\"elementor-container elementor-column-gap-default\">\n\t\t\t\t\t<div class=\"elementor-column elementor-col-100 elementor-top-column elementor-element elementor-element-e28cd41\" data-id=\"e28cd41\" data-element_type=\"column\" data-e-type=\"column\">\n\t\t\t<div class=\"elementor-widget-wrap elementor-element-populated\">\n\t\t\t\t\t\t<div class=\"elementor-element elementor-element-2f2498c premium-blog-align-left elementor-widget elementor-widget-premium-addon-blog\" data-id=\"2f2498c\" data-element_type=\"widget\" data-e-type=\"widget\" data-settings=\"{&quot;force_height&quot;:&quot;true&quot;,&quot;premium_blog_columns_number&quot;:&quot;33.33%&quot;,&quot;premium_blog_grid&quot;:&quot;yes&quot;,&quot;premium_blog_layout&quot;:&quot;even&quot;,&quot;premium_blog_columns_number_tablet&quot;:&quot;50%&quot;,&quot;premium_blog_columns_number_mobile&quot;:&quot;100%&quot;,&quot;scroll_to_offset&quot;:&quot;yes&quot;}\" data-widget_type=\"premium-addon-blog.default\">\n\t\t\t\t<div class=\"elementor-widget-container\">\n\t\t\t\t\t\r\n\t\t\r\n\r\n\t\t\t\t<div class=\"premium-blog-wrap  premium-blog-even\" data-page=\"2887\">\r\n\t\t\t\t\t\t\t\t\t<div class=\"premium-blog-post-outer-container\" data-total=\"1\">\r\n\t\t\t<div class=\"premium-blog-post-container premium-blog-skin-modern\">\r\n\t\t\t\t\t\t\t\t\t<div class=\"premium-blog-thumb-effect-wrapper\">\r\n\t\t\t\t\t\t<div class=\"premium-blog-thumbnail-container premium-blog-zoomin-effect\">\r\n\t\t\t\t\t\t\t\t\t\t\t<a href=\"https:\/\/drcinqatar.org\/fr\/amir-congo-president-review-regional-and-international-developments\/\" target=\"_self\">\r\n\t\t\t\t<img fetchpriority=\"high\" decoding=\"async\" width=\"1000\" height=\"667\" src=\"https:\/\/drcinqatar.org\/wp-content\/uploads\/2026\/04\/20260402_1775123028-81402-1.jpg\" class=\"attachment-full size-full wp-image-5336\" alt=\"\" srcset=\"https:\/\/drcinqatar.org\/wp-content\/uploads\/2026\/04\/20260402_1775123028-81402-1.jpg 1000w, https:\/\/drcinqatar.org\/wp-content\/uploads\/2026\/04\/20260402_1775123028-81402-1-300x200.jpg 300w, https:\/\/drcinqatar.org\/wp-content\/uploads\/2026\/04\/20260402_1775123028-81402-1-768x512.jpg 768w\" sizes=\"(max-width: 1000px) 100vw, 1000px\" \/>\t\t\t\t<\/a>\r\n\t\t\t\t\t\t\t\t\t\t<\/div>\r\n\t\t\t\t\t\t\t\t\t\t\t\t\t<div class=\"premium-blog-effect-container premium-blog-framed-effect\">\r\n\t\t\t\t\t\t\t\t<a class=\"premium-blog-post-link\" href=\"https:\/\/drcinqatar.org\/fr\/amir-congo-president-review-regional-and-international-developments\/\" target=\"_self\"><span>Amir, Congo President review regional and international developments<\/span><\/a>\r\n\t\t\t\t\t\t\t\t\t\t\t\t\t\t\t<\/div>\r\n\t\t\t\t\t\t\t\t\t\t\t<\/div>\r\n\t\t\t\t\t\t\t\t\t\t\t\t<div class=\"premium-blog-content-wrapper \">\r\n\r\n\t\t\t\t\t<div class=\"premium-blog-inner-container\">\r\n\r\n\t\t\t\t\t\t\t\t\t\t\t\t\t\t<h2 class=\"premium-blog-entry-title\">\r\n\t\t\t<a href=\"https:\/\/drcinqatar.org\/fr\/amir-congo-president-review-regional-and-international-developments\/\" target=\"_self\">\r\n\t\t\t\tAmir, Congo President review regional and international developments\t\t\t<\/a>\r\n\t\t<\/h2>\r\n\t\t\t\t<div class=\"premium-blog-entry-meta\">\r\n\t\t\t\r\n\t\t\t\r\n\t\t\t\r\n\t\t\t\t\t<\/div>\r\n\t\t\r\n\t\t\t\t\t<\/div>\r\n\r\n\t\t\t\t\t\t\t<div class=\"premium-blog-content-inner-wrapper\">\r\n\t\t<p class=\"premium-blog-post-content\">Doha, Qatar: The Amir His Highness Sheikh Tamim bin Hamad Al-Thani&nbsp;reviewed regional and international developments with HE President of the Democratic Republic \u2026<\/p>\t\t<\/div>\r\n\t\t\t\t\t\t\t\r\n\t\t\t\t<\/div>\r\n\t\t\t<\/div>\r\n\t\t<\/div>\r\n\r\n\t\t\t\t<div class=\"premium-blog-post-outer-container\" data-total=\"1\">\r\n\t\t\t<div class=\"premium-blog-post-container premium-blog-skin-modern\">\r\n\t\t\t\t\t\t\t\t\t<div class=\"premium-blog-thumb-effect-wrapper\">\r\n\t\t\t\t\t\t<div class=\"premium-blog-thumbnail-container premium-blog-zoomin-effect\">\r\n\t\t\t\t\t\t\t\t\t\t\t<a href=\"https:\/\/drcinqatar.org\/fr\/ministry-of-municipality-kinshasa-municipality-sign-twinning-agreement-to-enhance-bilateral-cooperation\/\" target=\"_self\">\r\n\t\t\t\t<img decoding=\"async\" width=\"1000\" height=\"622\" src=\"https:\/\/drcinqatar.org\/wp-content\/uploads\/2026\/02\/qna_baladiya_ministry_congo_12022026.jpg\" class=\"attachment-full size-full wp-image-5051\" alt=\"\" srcset=\"https:\/\/drcinqatar.org\/wp-content\/uploads\/2026\/02\/qna_baladiya_ministry_congo_12022026.jpg 1000w, https:\/\/drcinqatar.org\/wp-content\/uploads\/2026\/02\/qna_baladiya_ministry_congo_12022026-300x187.jpg 300w, https:\/\/drcinqatar.org\/wp-content\/uploads\/2026\/02\/qna_baladiya_ministry_congo_12022026-768x478.jpg 768w\" sizes=\"(max-width: 1000px) 100vw, 1000px\" \/>\t\t\t\t<\/a>\r\n\t\t\t\t\t\t\t\t\t\t<\/div>\r\n\t\t\t\t\t\t\t\t\t\t\t\t\t<div class=\"premium-blog-effect-container premium-blog-framed-effect\">\r\n\t\t\t\t\t\t\t\t<a class=\"premium-blog-post-link\" href=\"https:\/\/drcinqatar.org\/fr\/ministry-of-municipality-kinshasa-municipality-sign-twinning-agreement-to-enhance-bilateral-cooperation\/\" target=\"_self\"><span>Ministry of Municipality, Kinshasa Municipality Sign Twinning Agreement to Enhance Bilateral Cooperation<\/span><\/a>\r\n\t\t\t\t\t\t\t\t\t\t\t\t\t\t\t<\/div>\r\n\t\t\t\t\t\t\t\t\t\t\t<\/div>\r\n\t\t\t\t\t\t\t\t\t\t\t\t<div class=\"premium-blog-content-wrapper \">\r\n\r\n\t\t\t\t\t<div class=\"premium-blog-inner-container\">\r\n\r\n\t\t\t\t\t\t\t\t\t\t\t\t\t\t<h2 class=\"premium-blog-entry-title\">\r\n\t\t\t<a href=\"https:\/\/drcinqatar.org\/fr\/ministry-of-municipality-kinshasa-municipality-sign-twinning-agreement-to-enhance-bilateral-cooperation\/\" target=\"_self\">\r\n\t\t\t\tMinistry of Municipality, Kinshasa Municipality Sign Twinning Agreement to Enhance Bilateral Cooperation\t\t\t<\/a>\r\n\t\t<\/h2>\r\n\t\t\t\t<div class=\"premium-blog-entry-meta\">\r\n\t\t\t\r\n\t\t\t\r\n\t\t\t\r\n\t\t\t\t\t<\/div>\r\n\t\t\r\n\t\t\t\t\t<\/div>\r\n\r\n\t\t\t\t\t\t\t<div class=\"premium-blog-content-inner-wrapper\">\r\n\t\t<p class=\"premium-blog-post-content\">Doha, February 12 (QNA) &#8211; The State of Qatar and the Democratic Republic of Congo signed Thursday a twinning agreement between the \u2026<\/p>\t\t<\/div>\r\n\t\t\t\t\t\t\t\r\n\t\t\t\t<\/div>\r\n\t\t\t<\/div>\r\n\t\t<\/div>\r\n\r\n\t\t\t\t<div class=\"premium-blog-post-outer-container\" data-total=\"1\">\r\n\t\t\t<div class=\"premium-blog-post-container premium-blog-skin-modern\">\r\n\t\t\t\t\t\t\t\t\t<div class=\"premium-blog-thumb-effect-wrapper\">\r\n\t\t\t\t\t\t<div class=\"premium-blog-thumbnail-container premium-blog-zoomin-effect\">\r\n\t\t\t\t\t\t\t\t\t\t\t<a href=\"https:\/\/drcinqatar.org\/fr\/justice-minister-holds-bilateral-talks-on-legal-cooperation\/\" target=\"_self\">\r\n\t\t\t\t<img decoding=\"async\" width=\"1000\" height=\"666\" src=\"https:\/\/drcinqatar.org\/wp-content\/uploads\/2026\/02\/326673.jpg\" class=\"attachment-full size-full wp-image-5068\" alt=\"\" srcset=\"https:\/\/drcinqatar.org\/wp-content\/uploads\/2026\/02\/326673.jpg 1000w, https:\/\/drcinqatar.org\/wp-content\/uploads\/2026\/02\/326673-300x200.jpg 300w, https:\/\/drcinqatar.org\/wp-content\/uploads\/2026\/02\/326673-768x511.jpg 768w\" sizes=\"(max-width: 1000px) 100vw, 1000px\" \/>\t\t\t\t<\/a>\r\n\t\t\t\t\t\t\t\t\t\t<\/div>\r\n\t\t\t\t\t\t\t\t\t\t\t\t\t<div class=\"premium-blog-effect-container premium-blog-framed-effect\">\r\n\t\t\t\t\t\t\t\t<a class=\"premium-blog-post-link\" href=\"https:\/\/drcinqatar.org\/fr\/justice-minister-holds-bilateral-talks-on-legal-cooperation\/\" target=\"_self\"><span>Justice minister holds bilateral talks on legal cooperation<\/span><\/a>\r\n\t\t\t\t\t\t\t\t\t\t\t\t\t\t\t<\/div>\r\n\t\t\t\t\t\t\t\t\t\t\t<\/div>\r\n\t\t\t\t\t\t\t\t\t\t\t\t<div class=\"premium-blog-content-wrapper \">\r\n\r\n\t\t\t\t\t<div class=\"premium-blog-inner-container\">\r\n\r\n\t\t\t\t\t\t\t\t\t\t\t\t\t\t<h2 class=\"premium-blog-entry-title\">\r\n\t\t\t<a href=\"https:\/\/drcinqatar.org\/fr\/justice-minister-holds-bilateral-talks-on-legal-cooperation\/\" target=\"_self\">\r\n\t\t\t\tJustice minister holds bilateral talks on legal cooperation\t\t\t<\/a>\r\n\t\t<\/h2>\r\n\t\t\t\t<div class=\"premium-blog-entry-meta\">\r\n\t\t\t\r\n\t\t\t\r\n\t\t\t\r\n\t\t\t\t\t<\/div>\r\n\t\t\r\n\t\t\t\t\t<\/div>\r\n\r\n\t\t\t\t\t\t\t<div class=\"premium-blog-content-inner-wrapper\">\r\n\t\t<p class=\"premium-blog-post-content\">Doha Minister of Justice and Minister of State for Cabinet Affairs HE Ibrahim bin Ali Al Mohannadi held separate bilateral meetings on \u2026<\/p>\t\t<\/div>\r\n\t\t\t\t\t\t\t\r\n\t\t\t\t<\/div>\r\n\t\t\t<\/div>\r\n\t\t<\/div>\r\n\r\n\t\t\t\t<div class=\"premium-blog-post-outer-container\" data-total=\"1\">\r\n\t\t\t<div class=\"premium-blog-post-container premium-blog-skin-modern\">\r\n\t\t\t\t\t\t\t\t\t<div class=\"premium-blog-thumb-effect-wrapper\">\r\n\t\t\t\t\t\t<div class=\"premium-blog-thumbnail-container premium-blog-zoomin-effect\">\r\n\t\t\t\t\t\t\t\t\t\t\t<a href=\"https:\/\/drcinqatar.org\/fr\/amir-drc-president-hold-official-talks-session\/\" target=\"_self\">\r\n\t\t\t\t<img loading=\"lazy\" decoding=\"async\" width=\"1000\" height=\"666\" src=\"https:\/\/drcinqatar.org\/wp-content\/uploads\/2025\/12\/319709.jpg\" class=\"attachment-full size-full wp-image-4276\" alt=\"\" srcset=\"https:\/\/drcinqatar.org\/wp-content\/uploads\/2025\/12\/319709.jpg 1000w, https:\/\/drcinqatar.org\/wp-content\/uploads\/2025\/12\/319709-300x200.jpg 300w, https:\/\/drcinqatar.org\/wp-content\/uploads\/2025\/12\/319709-768x511.jpg 768w\" sizes=\"(max-width: 1000px) 100vw, 1000px\" \/>\t\t\t\t<\/a>\r\n\t\t\t\t\t\t\t\t\t\t<\/div>\r\n\t\t\t\t\t\t\t\t\t\t\t\t\t<div class=\"premium-blog-effect-container premium-blog-framed-effect\">\r\n\t\t\t\t\t\t\t\t<a class=\"premium-blog-post-link\" href=\"https:\/\/drcinqatar.org\/fr\/amir-drc-president-hold-official-talks-session\/\" target=\"_self\"><span>Amir, DRC president hold official talks session<\/span><\/a>\r\n\t\t\t\t\t\t\t\t\t\t\t\t\t\t\t<\/div>\r\n\t\t\t\t\t\t\t\t\t\t\t<\/div>\r\n\t\t\t\t\t\t\t\t\t\t\t\t<div class=\"premium-blog-content-wrapper \">\r\n\r\n\t\t\t\t\t<div class=\"premium-blog-inner-container\">\r\n\r\n\t\t\t\t\t\t\t\t\t\t\t\t\t\t<h2 class=\"premium-blog-entry-title\">\r\n\t\t\t<a href=\"https:\/\/drcinqatar.org\/fr\/amir-drc-president-hold-official-talks-session\/\" target=\"_self\">\r\n\t\t\t\tAmir, DRC president hold official talks session\t\t\t<\/a>\r\n\t\t<\/h2>\r\n\t\t\t\t<div class=\"premium-blog-entry-meta\">\r\n\t\t\t\r\n\t\t\t\r\n\t\t\t\r\n\t\t\t\t\t<\/div>\r\n\t\t\r\n\t\t\t\t\t<\/div>\r\n\r\n\t\t\t\t\t\t\t<div class=\"premium-blog-content-inner-wrapper\">\r\n\t\t<p class=\"premium-blog-post-content\">KINSHASA: His Highness the Amir of the State of Qatar Sheikh Tamim bin Hamad Al Thani and President of the Democratic Republic \u2026<\/p>\t\t<\/div>\r\n\t\t\t\t\t\t\t\r\n\t\t\t\t<\/div>\r\n\t\t\t<\/div>\r\n\t\t<\/div>\r\n\r\n\t\t\t\t<div class=\"premium-blog-post-outer-container\" data-total=\"1\">\r\n\t\t\t<div class=\"premium-blog-post-container premium-blog-skin-modern\">\r\n\t\t\t\t\t\t\t\t\t<div class=\"premium-blog-thumb-effect-wrapper\">\r\n\t\t\t\t\t\t<div class=\"premium-blog-thumbnail-container premium-blog-zoomin-effect\">\r\n\t\t\t\t\t\t\t\t\t\t\t<a href=\"https:\/\/drcinqatar.org\/fr\/qatars-strong-fiscal-stability-allows-continued-social-spending\/\" target=\"_self\">\r\n\t\t\t\t<img loading=\"lazy\" decoding=\"async\" width=\"1000\" height=\"668\" src=\"https:\/\/drcinqatar.org\/wp-content\/uploads\/2026\/04\/20251106_1762406909-414.jpg\" class=\"attachment-full size-full wp-image-5331\" alt=\"\" srcset=\"https:\/\/drcinqatar.org\/wp-content\/uploads\/2026\/04\/20251106_1762406909-414.jpg 1000w, https:\/\/drcinqatar.org\/wp-content\/uploads\/2026\/04\/20251106_1762406909-414-300x200.jpg 300w, https:\/\/drcinqatar.org\/wp-content\/uploads\/2026\/04\/20251106_1762406909-414-768x513.jpg 768w\" sizes=\"(max-width: 1000px) 100vw, 1000px\" \/>\t\t\t\t<\/a>\r\n\t\t\t\t\t\t\t\t\t\t<\/div>\r\n\t\t\t\t\t\t\t\t\t\t\t\t\t<div class=\"premium-blog-effect-container premium-blog-framed-effect\">\r\n\t\t\t\t\t\t\t\t<a class=\"premium-blog-post-link\" href=\"https:\/\/drcinqatar.org\/fr\/qatars-strong-fiscal-stability-allows-continued-social-spending\/\" target=\"_self\"><span>\u2018Qatar\u2019s strong fiscal stability allows continued social spending\u2019<\/span><\/a>\r\n\t\t\t\t\t\t\t\t\t\t\t\t\t\t\t<\/div>\r\n\t\t\t\t\t\t\t\t\t\t\t<\/div>\r\n\t\t\t\t\t\t\t\t\t\t\t\t<div class=\"premium-blog-content-wrapper \">\r\n\r\n\t\t\t\t\t<div class=\"premium-blog-inner-container\">\r\n\r\n\t\t\t\t\t\t\t\t\t\t\t\t\t\t<h2 class=\"premium-blog-entry-title\">\r\n\t\t\t<a href=\"https:\/\/drcinqatar.org\/fr\/qatars-strong-fiscal-stability-allows-continued-social-spending\/\" target=\"_self\">\r\n\t\t\t\t\u2018Qatar\u2019s strong fiscal stability allows continued social spending\u2019\t\t\t<\/a>\r\n\t\t<\/h2>\r\n\t\t\t\t<div class=\"premium-blog-entry-meta\">\r\n\t\t\t\r\n\t\t\t\r\n\t\t\t\r\n\t\t\t\t\t<\/div>\r\n\t\t\r\n\t\t\t\t\t<\/div>\r\n\r\n\t\t\t\t\t\t\t<div class=\"premium-blog-content-inner-wrapper\">\r\n\t\t<p class=\"premium-blog-post-content\">Doha, Qatar: Qatar has maintained strong fiscal stability through prudent economic management and long-term planning, Minister for Social Development and Family, H \u2026<\/p>\t\t<\/div>\r\n\t\t\t\t\t\t\t\r\n\t\t\t\t<\/div>\r\n\t\t\t<\/div>\r\n\t\t<\/div>\r\n\r\n\t\t\t\t<div class=\"premium-blog-post-outer-container\" data-total=\"1\">\r\n\t\t\t<div class=\"premium-blog-post-container premium-blog-skin-modern\">\r\n\t\t\t\t\t\t\t\t\t<div class=\"premium-blog-thumb-effect-wrapper\">\r\n\t\t\t\t\t\t<div class=\"premium-blog-thumbnail-container premium-blog-zoomin-effect\">\r\n\t\t\t\t\t\t\t\t\t\t\t<a href=\"https:\/\/drcinqatar.org\/fr\/drc-president-arrives-in-doha-to-participate-in-2nd-world-summit-for-social-development\/\" target=\"_self\">\r\n\t\t\t\t<img loading=\"lazy\" decoding=\"async\" width=\"1000\" height=\"750\" src=\"https:\/\/drcinqatar.org\/wp-content\/uploads\/2025\/12\/qna_kkkk_02112025html.jpg\" class=\"attachment-full size-full wp-image-4272\" alt=\"\" srcset=\"https:\/\/drcinqatar.org\/wp-content\/uploads\/2025\/12\/qna_kkkk_02112025html.jpg 1000w, https:\/\/drcinqatar.org\/wp-content\/uploads\/2025\/12\/qna_kkkk_02112025html-300x225.jpg 300w, https:\/\/drcinqatar.org\/wp-content\/uploads\/2025\/12\/qna_kkkk_02112025html-768x576.jpg 768w\" sizes=\"(max-width: 1000px) 100vw, 1000px\" \/>\t\t\t\t<\/a>\r\n\t\t\t\t\t\t\t\t\t\t<\/div>\r\n\t\t\t\t\t\t\t\t\t\t\t\t\t<div class=\"premium-blog-effect-container premium-blog-framed-effect\">\r\n\t\t\t\t\t\t\t\t<a class=\"premium-blog-post-link\" href=\"https:\/\/drcinqatar.org\/fr\/drc-president-arrives-in-doha-to-participate-in-2nd-world-summit-for-social-development\/\" target=\"_self\"><span>Le Pr\u00e9sident F\u00e9lix Tshisekedi est arriv\u00e9 \u00e0 Doha pour participer au deuxi\u00e8me sommet mondial pour le d\u00e9veloppement social<\/span><\/a>\r\n\t\t\t\t\t\t\t\t\t\t\t\t\t\t\t<\/div>\r\n\t\t\t\t\t\t\t\t\t\t\t<\/div>\r\n\t\t\t\t\t\t\t\t\t\t\t\t<div class=\"premium-blog-content-wrapper \">\r\n\r\n\t\t\t\t\t<div class=\"premium-blog-inner-container\">\r\n\r\n\t\t\t\t\t\t\t\t\t\t\t\t\t\t<h2 class=\"premium-blog-entry-title\">\r\n\t\t\t<a href=\"https:\/\/drcinqatar.org\/fr\/drc-president-arrives-in-doha-to-participate-in-2nd-world-summit-for-social-development\/\" target=\"_self\">\r\n\t\t\t\tLe Pr\u00e9sident F\u00e9lix Tshisekedi est arriv\u00e9 \u00e0 Doha pour participer au deuxi\u00e8me sommet mondial pour le d\u00e9veloppement social\t\t\t<\/a>\r\n\t\t<\/h2>\r\n\t\t\t\t<div class=\"premium-blog-entry-meta\">\r\n\t\t\t\r\n\t\t\t\r\n\t\t\t\r\n\t\t\t\t\t<\/div>\r\n\t\t\r\n\t\t\t\t\t<\/div>\r\n\r\n\t\t\t\t\t\t\t<div class=\"premium-blog-content-inner-wrapper\">\r\n\t\t<p class=\"premium-blog-post-content\">La R\u00e9publique D\u00e9mocratique du Congo (RDC) est au centre de plusieurs enjeux mondiaux et la voix de son Pr\u00e9sident est tr\u00e8s sollicit\u00e9e \u2026<\/p>\t\t<\/div>\r\n\t\t\t\t\t\t\t\r\n\t\t\t\t<\/div>\r\n\t\t\t<\/div>\r\n\t\t<\/div>\r\n\r\n\t\t\t\t<div class=\"premium-blog-post-outer-container\" data-total=\"1\">\r\n\t\t\t<div class=\"premium-blog-post-container premium-blog-skin-modern\">\r\n\t\t\t\t\t\t\t\t\t<div class=\"premium-blog-thumb-effect-wrapper\">\r\n\t\t\t\t\t\t<div class=\"premium-blog-thumbnail-container premium-blog-zoomin-effect\">\r\n\t\t\t\t\t\t\t\t\t\t\t<a href=\"https:\/\/drcinqatar.org\/fr\/minister-of-state-at-ministry-of-foreign-affairs-meets-dr-congo-foreign-minister\/\" target=\"_self\">\r\n\t\t\t\t<img loading=\"lazy\" decoding=\"async\" width=\"1000\" height=\"523\" src=\"https:\/\/drcinqatar.org\/wp-content\/uploads\/2025\/12\/c46766f8-17a1-4911-b703-790046754cd9.jpeg\" class=\"attachment-full size-full wp-image-4268\" alt=\"\" srcset=\"https:\/\/drcinqatar.org\/wp-content\/uploads\/2025\/12\/c46766f8-17a1-4911-b703-790046754cd9.jpeg 1000w, https:\/\/drcinqatar.org\/wp-content\/uploads\/2025\/12\/c46766f8-17a1-4911-b703-790046754cd9-300x157.jpeg 300w, https:\/\/drcinqatar.org\/wp-content\/uploads\/2025\/12\/c46766f8-17a1-4911-b703-790046754cd9-768x402.jpeg 768w\" sizes=\"(max-width: 1000px) 100vw, 1000px\" \/>\t\t\t\t<\/a>\r\n\t\t\t\t\t\t\t\t\t\t<\/div>\r\n\t\t\t\t\t\t\t\t\t\t\t\t\t<div class=\"premium-blog-effect-container premium-blog-framed-effect\">\r\n\t\t\t\t\t\t\t\t<a class=\"premium-blog-post-link\" href=\"https:\/\/drcinqatar.org\/fr\/minister-of-state-at-ministry-of-foreign-affairs-meets-dr-congo-foreign-minister\/\" target=\"_self\"><span>Minister of State at Ministry of Foreign Affairs Meets DR Congo Foreign Minister<\/span><\/a>\r\n\t\t\t\t\t\t\t\t\t\t\t\t\t\t\t<\/div>\r\n\t\t\t\t\t\t\t\t\t\t\t<\/div>\r\n\t\t\t\t\t\t\t\t\t\t\t\t<div class=\"premium-blog-content-wrapper \">\r\n\r\n\t\t\t\t\t<div class=\"premium-blog-inner-container\">\r\n\r\n\t\t\t\t\t\t\t\t\t\t\t\t\t\t<h2 class=\"premium-blog-entry-title\">\r\n\t\t\t<a href=\"https:\/\/drcinqatar.org\/fr\/minister-of-state-at-ministry-of-foreign-affairs-meets-dr-congo-foreign-minister\/\" target=\"_self\">\r\n\t\t\t\tMinister of State at Ministry of Foreign Affairs Meets DR Congo Foreign Minister\t\t\t<\/a>\r\n\t\t<\/h2>\r\n\t\t\t\t<div class=\"premium-blog-entry-meta\">\r\n\t\t\t\r\n\t\t\t\r\n\t\t\t\r\n\t\t\t\t\t<\/div>\r\n\t\t\r\n\t\t\t\t\t<\/div>\r\n\r\n\t\t\t\t\t\t\t<div class=\"premium-blog-content-inner-wrapper\">\r\n\t\t<p class=\"premium-blog-post-content\">HE Minister of State at the Ministry of Foreign Affairs Dr. Mohammed bin Abdulaziz bin Saleh Al Khulaifi met on Sunday with \u2026<\/p>\t\t<\/div>\r\n\t\t\t\t\t\t\t\r\n\t\t\t\t<\/div>\r\n\t\t\t<\/div>\r\n\t\t<\/div>\r\n\r\n\t\t\t\t<div class=\"premium-blog-post-outer-container\" data-total=\"1\">\r\n\t\t\t<div class=\"premium-blog-post-container premium-blog-skin-modern\">\r\n\t\t\t\t\t\t\t\t\t<div class=\"premium-blog-thumb-effect-wrapper\">\r\n\t\t\t\t\t\t<div class=\"premium-blog-thumbnail-container premium-blog-zoomin-effect\">\r\n\t\t\t\t\t\t\t\t\t\t\t<a href=\"https:\/\/drcinqatar.org\/fr\/signing-of-the-doha-framework-for-peace-between-the-government-of-the-democratic-republic-of-the-congo-and-the-congo-river-alliance-m23-movement\/\" target=\"_self\">\r\n\t\t\t\t<img loading=\"lazy\" decoding=\"async\" width=\"1000\" height=\"667\" src=\"https:\/\/drcinqatar.org\/wp-content\/uploads\/2025\/12\/whatsapp-image-2025-11-15-at-4-47-31-pm.jpeg\" class=\"attachment-full size-full wp-image-4264\" alt=\"\" srcset=\"https:\/\/drcinqatar.org\/wp-content\/uploads\/2025\/12\/whatsapp-image-2025-11-15-at-4-47-31-pm.jpeg 1000w, https:\/\/drcinqatar.org\/wp-content\/uploads\/2025\/12\/whatsapp-image-2025-11-15-at-4-47-31-pm-300x200.jpeg 300w, https:\/\/drcinqatar.org\/wp-content\/uploads\/2025\/12\/whatsapp-image-2025-11-15-at-4-47-31-pm-768x512.jpeg 768w\" sizes=\"(max-width: 1000px) 100vw, 1000px\" \/>\t\t\t\t<\/a>\r\n\t\t\t\t\t\t\t\t\t\t<\/div>\r\n\t\t\t\t\t\t\t\t\t\t\t\t\t<div class=\"premium-blog-effect-container premium-blog-framed-effect\">\r\n\t\t\t\t\t\t\t\t<a class=\"premium-blog-post-link\" href=\"https:\/\/drcinqatar.org\/fr\/signing-of-the-doha-framework-for-peace-between-the-government-of-the-democratic-republic-of-the-congo-and-the-congo-river-alliance-m23-movement\/\" target=\"_self\"><span>Signing of the Doha Framework for Peace between the Government of the Democratic Republic of the Congo and the Congo River Alliance (M23 Movement)<\/span><\/a>\r\n\t\t\t\t\t\t\t\t\t\t\t\t\t\t\t<\/div>\r\n\t\t\t\t\t\t\t\t\t\t\t<\/div>\r\n\t\t\t\t\t\t\t\t\t\t\t\t<div class=\"premium-blog-content-wrapper \">\r\n\r\n\t\t\t\t\t<div class=\"premium-blog-inner-container\">\r\n\r\n\t\t\t\t\t\t\t\t\t\t\t\t\t\t<h2 class=\"premium-blog-entry-title\">\r\n\t\t\t<a href=\"https:\/\/drcinqatar.org\/fr\/signing-of-the-doha-framework-for-peace-between-the-government-of-the-democratic-republic-of-the-congo-and-the-congo-river-alliance-m23-movement\/\" target=\"_self\">\r\n\t\t\t\tSigning of the Doha Framework for Peace between the Government of the Democratic Republic of the Congo and the Congo River Alliance (M23 Movement)\t\t\t<\/a>\r\n\t\t<\/h2>\r\n\t\t\t\t<div class=\"premium-blog-entry-meta\">\r\n\t\t\t\r\n\t\t\t\r\n\t\t\t\r\n\t\t\t\t\t<\/div>\r\n\t\t\r\n\t\t\t\t\t<\/div>\r\n\r\n\t\t\t\t\t\t\t<div class=\"premium-blog-content-inner-wrapper\">\r\n\t\t<p class=\"premium-blog-post-content\">The State of Qatar announces the signing of the Doha Framework for the Peace Agreement between the Government of the Democratic Republic \u2026<\/p>\t\t<\/div>\r\n\t\t\t\t\t\t\t\r\n\t\t\t\t<\/div>\r\n\t\t\t<\/div>\r\n\t\t<\/div>\r\n\r\n\t\t\t\t<div class=\"premium-blog-post-outer-container\" data-total=\"1\">\r\n\t\t\t<div class=\"premium-blog-post-container premium-blog-skin-modern\">\r\n\t\t\t\t\t\t\t\t\t<div class=\"premium-blog-thumb-effect-wrapper\">\r\n\t\t\t\t\t\t<div class=\"premium-blog-thumbnail-container premium-blog-zoomin-effect\">\r\n\t\t\t\t\t\t\t\t\t\t\t<a href=\"https:\/\/drcinqatar.org\/fr\/qatar-hosts-signing-of-declaration-of-principles-between-drc-march-23-movement-2\/\" target=\"_self\">\r\n\t\t\t\t<img loading=\"lazy\" decoding=\"async\" width=\"1000\" height=\"673\" src=\"https:\/\/drcinqatar.org\/wp-content\/uploads\/2025\/12\/a2f4a7f4-1329-4b3b-8bed-4d82062ca9d7-1.jpeg\" class=\"attachment-full size-full wp-image-4260\" alt=\"\" srcset=\"https:\/\/drcinqatar.org\/wp-content\/uploads\/2025\/12\/a2f4a7f4-1329-4b3b-8bed-4d82062ca9d7-1.jpeg 1000w, https:\/\/drcinqatar.org\/wp-content\/uploads\/2025\/12\/a2f4a7f4-1329-4b3b-8bed-4d82062ca9d7-1-300x202.jpeg 300w, https:\/\/drcinqatar.org\/wp-content\/uploads\/2025\/12\/a2f4a7f4-1329-4b3b-8bed-4d82062ca9d7-1-768x517.jpeg 768w\" sizes=\"(max-width: 1000px) 100vw, 1000px\" \/>\t\t\t\t<\/a>\r\n\t\t\t\t\t\t\t\t\t\t<\/div>\r\n\t\t\t\t\t\t\t\t\t\t\t\t\t<div class=\"premium-blog-effect-container premium-blog-framed-effect\">\r\n\t\t\t\t\t\t\t\t<a class=\"premium-blog-post-link\" href=\"https:\/\/drcinqatar.org\/fr\/qatar-hosts-signing-of-declaration-of-principles-between-drc-march-23-movement-2\/\" target=\"_self\"><span>Qatar Hosts Signing of Declaration of Principles Between DRC, March 23 Movement<\/span><\/a>\r\n\t\t\t\t\t\t\t\t\t\t\t\t\t\t\t<\/div>\r\n\t\t\t\t\t\t\t\t\t\t\t<\/div>\r\n\t\t\t\t\t\t\t\t\t\t\t\t<div class=\"premium-blog-content-wrapper \">\r\n\r\n\t\t\t\t\t<div class=\"premium-blog-inner-container\">\r\n\r\n\t\t\t\t\t\t\t\t\t\t\t\t\t\t<h2 class=\"premium-blog-entry-title\">\r\n\t\t\t<a href=\"https:\/\/drcinqatar.org\/fr\/qatar-hosts-signing-of-declaration-of-principles-between-drc-march-23-movement-2\/\" target=\"_self\">\r\n\t\t\t\tQatar Hosts Signing of Declaration of Principles Between DRC, March 23 Movement\t\t\t<\/a>\r\n\t\t<\/h2>\r\n\t\t\t\t<div class=\"premium-blog-entry-meta\">\r\n\t\t\t\r\n\t\t\t\r\n\t\t\t\r\n\t\t\t\t\t<\/div>\r\n\t\t\r\n\t\t\t\t\t<\/div>\r\n\r\n\t\t\t\t\t\t\t<div class=\"premium-blog-content-inner-wrapper\">\r\n\t\t<p class=\"premium-blog-post-content\">The State of Qatar hosted Saturday in Doha the signing ceremony of a Declaration of Principles between the Government of the Democratic \u2026<\/p>\t\t<\/div>\r\n\t\t\t\t\t\t\t\r\n\t\t\t\t<\/div>\r\n\t\t\t<\/div>\r\n\t\t<\/div>\r\n\r\n\t\t\t\t<div class=\"premium-blog-post-outer-container\" data-total=\"1\">\r\n\t\t\t<div class=\"premium-blog-post-container premium-blog-skin-modern\">\r\n\t\t\t\t\t\t\t\t\t<div class=\"premium-blog-thumb-effect-wrapper\">\r\n\t\t\t\t\t\t<div class=\"premium-blog-thumbnail-container premium-blog-zoomin-effect\">\r\n\t\t\t\t\t\t\t\t\t\t\t<a href=\"https:\/\/drcinqatar.org\/fr\/qatar-gt-06-jan-2025\/\" target=\"_self\">\r\n\t\t\t\t<img loading=\"lazy\" decoding=\"async\" width=\"1000\" height=\"563\" src=\"https:\/\/drcinqatar.org\/wp-content\/uploads\/2025\/01\/IMG-20250107-WA0013.jpg\" class=\"attachment-full size-full wp-image-4001\" alt=\"\" srcset=\"https:\/\/drcinqatar.org\/wp-content\/uploads\/2025\/01\/IMG-20250107-WA0013.jpg 1000w, https:\/\/drcinqatar.org\/wp-content\/uploads\/2025\/01\/IMG-20250107-WA0013-300x169.jpg 300w, https:\/\/drcinqatar.org\/wp-content\/uploads\/2025\/01\/IMG-20250107-WA0013-768x432.jpg 768w\" sizes=\"(max-width: 1000px) 100vw, 1000px\" \/>\t\t\t\t<\/a>\r\n\t\t\t\t\t\t\t\t\t\t<\/div>\r\n\t\t\t\t\t\t\t\t\t\t\t\t\t<div class=\"premium-blog-effect-container premium-blog-framed-effect\">\r\n\t\t\t\t\t\t\t\t<a class=\"premium-blog-post-link\" href=\"https:\/\/drcinqatar.org\/fr\/qatar-gt-06-jan-2025\/\" target=\"_self\"><span>Amir, DRC president discuss ways to enhance relations<\/span><\/a>\r\n\t\t\t\t\t\t\t\t\t\t\t\t\t\t\t<\/div>\r\n\t\t\t\t\t\t\t\t\t\t\t<\/div>\r\n\t\t\t\t\t\t\t\t\t\t\t\t<div class=\"premium-blog-content-wrapper \">\r\n\r\n\t\t\t\t\t<div class=\"premium-blog-inner-container\">\r\n\r\n\t\t\t\t\t\t\t\t\t\t\t\t\t\t<h2 class=\"premium-blog-entry-title\">\r\n\t\t\t<a href=\"https:\/\/drcinqatar.org\/fr\/qatar-gt-06-jan-2025\/\" target=\"_self\">\r\n\t\t\t\tAmir, DRC president discuss ways to enhance relations\t\t\t<\/a>\r\n\t\t<\/h2>\r\n\t\t\t\t<div class=\"premium-blog-entry-meta\">\r\n\t\t\t\r\n\t\t\t\r\n\t\t\t\r\n\t\t\t\t\t<\/div>\r\n\t\t\r\n\t\t\t\t\t<\/div>\r\n\r\n\t\t\t\t\t\t\t<div class=\"premium-blog-content-inner-wrapper\">\r\n\t\t<p class=\"premium-blog-post-content\">His Highness the Amir Sheikh Tamim bin Hamad al-Thani met yesterday with President of the Democratic Republic of the Congo (DRC) Felix \u2026<\/p>\t\t<\/div>\r\n\t\t\t\t\t\t\t\r\n\t\t\t\t<\/div>\r\n\t\t\t<\/div>\r\n\t\t<\/div>\r\n\r\n\t\t\t\t<div class=\"premium-blog-post-outer-container\" data-total=\"1\">\r\n\t\t\t<div class=\"premium-blog-post-container premium-blog-skin-modern\">\r\n\t\t\t\t\t\t\t\t\t<div class=\"premium-blog-thumb-effect-wrapper\">\r\n\t\t\t\t\t\t<div class=\"premium-blog-thumbnail-container premium-blog-zoomin-effect\">\r\n\t\t\t\t\t\t\t\t\t\t\t<a href=\"https:\/\/drcinqatar.org\/fr\/6-jan-qatar-tribune-main\/\" target=\"_self\">\r\n\t\t\t\t<img loading=\"lazy\" decoding=\"async\" width=\"1000\" height=\"563\" src=\"https:\/\/drcinqatar.org\/wp-content\/uploads\/2025\/01\/IMG-20250107-WA0014.jpg\" class=\"attachment-full size-full wp-image-4009\" alt=\"\" srcset=\"https:\/\/drcinqatar.org\/wp-content\/uploads\/2025\/01\/IMG-20250107-WA0014.jpg 1000w, https:\/\/drcinqatar.org\/wp-content\/uploads\/2025\/01\/IMG-20250107-WA0014-300x169.jpg 300w, https:\/\/drcinqatar.org\/wp-content\/uploads\/2025\/01\/IMG-20250107-WA0014-768x432.jpg 768w\" sizes=\"(max-width: 1000px) 100vw, 1000px\" \/>\t\t\t\t<\/a>\r\n\t\t\t\t\t\t\t\t\t\t<\/div>\r\n\t\t\t\t\t\t\t\t\t\t\t\t\t<div class=\"premium-blog-effect-container premium-blog-framed-effect\">\r\n\t\t\t\t\t\t\t\t<a class=\"premium-blog-post-link\" href=\"https:\/\/drcinqatar.org\/fr\/6-jan-qatar-tribune-main\/\" target=\"_self\"><span>Amir, Drc President Discuss Ways To Boost Bilateral Ties<\/span><\/a>\r\n\t\t\t\t\t\t\t\t\t\t\t\t\t\t\t<\/div>\r\n\t\t\t\t\t\t\t\t\t\t\t<\/div>\r\n\t\t\t\t\t\t\t\t\t\t\t\t<div class=\"premium-blog-content-wrapper \">\r\n\r\n\t\t\t\t\t<div class=\"premium-blog-inner-container\">\r\n\r\n\t\t\t\t\t\t\t\t\t\t\t\t\t\t<h2 class=\"premium-blog-entry-title\">\r\n\t\t\t<a href=\"https:\/\/drcinqatar.org\/fr\/6-jan-qatar-tribune-main\/\" target=\"_self\">\r\n\t\t\t\tAmir, Drc President Discuss Ways To Boost Bilateral Ties\t\t\t<\/a>\r\n\t\t<\/h2>\r\n\t\t\t\t<div class=\"premium-blog-entry-meta\">\r\n\t\t\t\r\n\t\t\t\r\n\t\t\t\r\n\t\t\t\t\t<\/div>\r\n\t\t\r\n\t\t\t\t\t<\/div>\r\n\r\n\t\t\t\t\t\t\t<div class=\"premium-blog-content-inner-wrapper\">\r\n\t\t<p class=\"premium-blog-post-content\">HIS Highness the Amir of the State of Qatar Sheikh Tamim bin Hamad Al Thani on Sunday met with President of the \u2026<\/p>\t\t<\/div>\r\n\t\t\t\t\t\t\t\r\n\t\t\t\t<\/div>\r\n\t\t\t<\/div>\r\n\t\t<\/div>\r\n\r\n\t\t\t\t<div class=\"premium-blog-post-outer-container\" data-total=\"1\">\r\n\t\t\t<div class=\"premium-blog-post-container premium-blog-skin-modern\">\r\n\t\t\t\t\t\t\t\t\t<div class=\"premium-blog-thumb-effect-wrapper\">\r\n\t\t\t\t\t\t<div class=\"premium-blog-thumbnail-container premium-blog-zoomin-effect\">\r\n\t\t\t\t\t\t\t\t\t\t\t<a href=\"https:\/\/drcinqatar.org\/fr\/qatar-airways-touches-down-for-the-first-time-in-kinshasa-democratic-republic-of-the-congo\/\" target=\"_self\">\r\n\t\t\t\t<img loading=\"lazy\" decoding=\"async\" width=\"1000\" height=\"944\" src=\"https:\/\/drcinqatar.org\/wp-content\/uploads\/2024\/06\/Monsier-Londole-Deputy-Director-General-of-the-Airport-Authority_-Hendrik-du-Preez-Qatar-Airwa._.jpg\" class=\"attachment-full size-full wp-image-3041\" alt=\"\" srcset=\"https:\/\/drcinqatar.org\/wp-content\/uploads\/2024\/06\/Monsier-Londole-Deputy-Director-General-of-the-Airport-Authority_-Hendrik-du-Preez-Qatar-Airwa._.jpg 1000w, https:\/\/drcinqatar.org\/wp-content\/uploads\/2024\/06\/Monsier-Londole-Deputy-Director-General-of-the-Airport-Authority_-Hendrik-du-Preez-Qatar-Airwa._-300x283.jpg 300w, https:\/\/drcinqatar.org\/wp-content\/uploads\/2024\/06\/Monsier-Londole-Deputy-Director-General-of-the-Airport-Authority_-Hendrik-du-Preez-Qatar-Airwa._-768x725.jpg 768w\" sizes=\"(max-width: 1000px) 100vw, 1000px\" \/>\t\t\t\t<\/a>\r\n\t\t\t\t\t\t\t\t\t\t<\/div>\r\n\t\t\t\t\t\t\t\t\t\t\t\t\t<div class=\"premium-blog-effect-container premium-blog-framed-effect\">\r\n\t\t\t\t\t\t\t\t<a class=\"premium-blog-post-link\" href=\"https:\/\/drcinqatar.org\/fr\/qatar-airways-touches-down-for-the-first-time-in-kinshasa-democratic-republic-of-the-congo\/\" target=\"_self\"><span>Premier atterrissage de Qatar Airways sur la piste de Kinshasa, en R\u00e9publique d\u00e9mocratique du Congo.<\/span><\/a>\r\n\t\t\t\t\t\t\t\t\t\t\t\t\t\t\t<\/div>\r\n\t\t\t\t\t\t\t\t\t\t\t<\/div>\r\n\t\t\t\t\t\t\t\t\t\t\t\t<div class=\"premium-blog-content-wrapper \">\r\n\r\n\t\t\t\t\t<div class=\"premium-blog-inner-container\">\r\n\r\n\t\t\t\t\t\t\t\t\t\t\t\t\t\t<h2 class=\"premium-blog-entry-title\">\r\n\t\t\t<a href=\"https:\/\/drcinqatar.org\/fr\/qatar-airways-touches-down-for-the-first-time-in-kinshasa-democratic-republic-of-the-congo\/\" target=\"_self\">\r\n\t\t\t\tPremier atterrissage de Qatar Airways sur la piste de Kinshasa, en R\u00e9publique d\u00e9mocratique du Congo.\t\t\t<\/a>\r\n\t\t<\/h2>\r\n\t\t\t\t<div class=\"premium-blog-entry-meta\">\r\n\t\t\t\r\n\t\t\t\r\n\t\t\t\r\n\t\t\t\t\t<\/div>\r\n\t\t\r\n\t\t\t\t\t<\/div>\r\n\r\n\t\t\t\t\t\t\t<div class=\"premium-blog-content-inner-wrapper\">\r\n\t\t<p class=\"premium-blog-post-content\">En poursuivant son expansion en Afrique, la compagnie a\u00e9rienne prim\u00e9e cr\u00e9e une passerelle \u00e9conomique et commerciale importante vers les principaux march\u00e9s d&rsquo;Europe, \u2026<\/p>\t\t<\/div>\r\n\t\t\t\t\t\t\t\r\n\t\t\t\t<\/div>\r\n\t\t\t<\/div>\r\n\t\t<\/div>\r\n\r\n\t\t\t\t<div class=\"premium-blog-post-outer-container\" data-total=\"1\">\r\n\t\t\t<div class=\"premium-blog-post-container premium-blog-skin-modern\">\r\n\t\t\t\t\t\t\t\t\t<div class=\"premium-blog-thumb-effect-wrapper\">\r\n\t\t\t\t\t\t<div class=\"premium-blog-thumbnail-container premium-blog-zoomin-effect\">\r\n\t\t\t\t\t\t\t\t\t\t\t<a href=\"https:\/\/drcinqatar.org\/fr\/qatar-airways-announces-the-launch-offlights-to-kinshasa-democratic-republic-of-congo\/\" target=\"_self\">\r\n\t\t\t\t<img loading=\"lazy\" decoding=\"async\" width=\"720\" height=\"541\" src=\"https:\/\/drcinqatar.org\/wp-content\/uploads\/2024\/05\/0-664351f9e2f0b.jpg\" class=\"attachment-full size-full wp-image-2775\" alt=\"\" srcset=\"https:\/\/drcinqatar.org\/wp-content\/uploads\/2024\/05\/0-664351f9e2f0b.jpg 720w, https:\/\/drcinqatar.org\/wp-content\/uploads\/2024\/05\/0-664351f9e2f0b-300x225.jpg 300w\" sizes=\"(max-width: 720px) 100vw, 720px\" \/>\t\t\t\t<\/a>\r\n\t\t\t\t\t\t\t\t\t\t<\/div>\r\n\t\t\t\t\t\t\t\t\t\t\t\t\t<div class=\"premium-blog-effect-container premium-blog-framed-effect\">\r\n\t\t\t\t\t\t\t\t<a class=\"premium-blog-post-link\" href=\"https:\/\/drcinqatar.org\/fr\/qatar-airways-announces-the-launch-offlights-to-kinshasa-democratic-republic-of-congo\/\" target=\"_self\"><span>Qatar Airways annonce le lancement des vols vers Kinshasa, en R\u00e9publique D\u00e9mocratique du Congo<\/span><\/a>\r\n\t\t\t\t\t\t\t\t\t\t\t\t\t\t\t<\/div>\r\n\t\t\t\t\t\t\t\t\t\t\t<\/div>\r\n\t\t\t\t\t\t\t\t\t\t\t\t<div class=\"premium-blog-content-wrapper \">\r\n\r\n\t\t\t\t\t<div class=\"premium-blog-inner-container\">\r\n\r\n\t\t\t\t\t\t\t\t\t\t\t\t\t\t<h2 class=\"premium-blog-entry-title\">\r\n\t\t\t<a href=\"https:\/\/drcinqatar.org\/fr\/qatar-airways-announces-the-launch-offlights-to-kinshasa-democratic-republic-of-congo\/\" target=\"_self\">\r\n\t\t\t\tQatar Airways annonce le lancement des vols vers Kinshasa, en R\u00e9publique D\u00e9mocratique du Congo\t\t\t<\/a>\r\n\t\t<\/h2>\r\n\t\t\t\t<div class=\"premium-blog-entry-meta\">\r\n\t\t\t\r\n\t\t\t\r\n\t\t\t\r\n\t\t\t\t\t<\/div>\r\n\t\t\r\n\t\t\t\t\t<\/div>\r\n\r\n\t\t\t\t\t\t\t<div class=\"premium-blog-content-inner-wrapper\">\r\n\t\t<p class=\"premium-blog-post-content\">La compagnie a\u00e9rienne prim\u00e9e \u00e9tend sa fr\u00e9quence \u00e0 Luanda, en Angola, pour inclure la nouvelleroute vers Kinshasa, en RDC. DOHA, Qatar &#8211; \u2026<\/p>\t\t<\/div>\r\n\t\t\t\t\t\t\t\r\n\t\t\t\t<\/div>\r\n\t\t\t<\/div>\r\n\t\t<\/div>\r\n\r\n\t\t\t\t\t\t\t<\/div>\r\n\r\n\t\t\r\n\t\t\r\n\t\t\t\t\t\t<\/div>\n\t\t\t\t<\/div>\n\t\t\t\t\t<\/div>\n\t\t<\/div>\n\t\t\t\t\t<\/div>\n\t\t<\/section>\n\t\t\t\t<\/div>\n\t\t","protected":false},"excerpt":{"rendered":"<p>Amir, DRC president hold official talks session Amir, DRC president hold official talks session KINSHASA: His Highness the Amir of the State of Qatar Sheikh Tamim bin Hamad Al Thani and President of the Democratic Republic \u2026 DRC President Arrives in Doha to Participate in 2nd World Summit for Social Development DRC President Arrives in [&hellip;]<\/p>\n","protected":false},"author":1,"featured_media":0,"parent":0,"menu_order":0,"comment_status":"closed","ping_status":"closed","template":"elementor_header_footer","meta":{"_view_id":"","footnotes":""},"class_list":["post-2887","page","type-page","status-publish","hentry"],"_links":{"self":[{"href":"https:\/\/drcinqatar.org\/fr\/wp-json\/wp\/v2\/pages\/2887","targetHints":{"allow":["GET"]}}],"collection":[{"href":"https:\/\/drcinqatar.org\/fr\/wp-json\/wp\/v2\/pages"}],"about":[{"href":"https:\/\/drcinqatar.org\/fr\/wp-json\/wp\/v2\/types\/page"}],"author":[{"embeddable":true,"href":"https:\/\/drcinqatar.org\/fr\/wp-json\/wp\/v2\/users\/1"}],"replies":[{"embeddable":true,"href":"https:\/\/drcinqatar.org\/fr\/wp-json\/wp\/v2\/comments?post=2887"}],"version-history":[{"count":12,"href":"https:\/\/drcinqatar.org\/fr\/wp-json\/wp\/v2\/pages\/2887\/revisions"}],"predecessor-version":[{"id":5375,"href":"https:\/\/drcinqatar.org\/fr\/wp-json\/wp\/v2\/pages\/2887\/revisions\/5375"}],"wp:attachment":[{"href":"https:\/\/drcinqatar.org\/fr\/wp-json\/wp\/v2\/media?parent=2887"}],"curies":[{"name":"wp","href":"https:\/\/api.w.org\/{rel}","templated":true}]}}